{"id":397,"date":"2020-08-21T13:00:54","date_gmt":"2020-08-21T12:00:54","guid":{"rendered":"https:\/\/karlsro.nu\/?page_id=397"},"modified":"2026-08-31T18:35:21","modified_gmt":"2026-08-31T17:35:21","slug":"polfararna-tisdagar","status":"publish","type":"page","link":"https:\/\/karlsro.nu\/?page_id=397","title":{"rendered":"Polfararna (tisdagar)"},"content":{"rendered":"\n<p class=\"wp-block-paragraph\">Vi tr\u00e4ffas kl. 18.30-20.30 om inget annat anges i programmet.<\/p>\n\n\n\n<p class=\"wp-block-paragraph\"><strong>Ledare:<\/strong><\/p>\n\n\n\n<ul class=\"wp-block-list\">\n<li><a href=\"mailto:scouterika@joersios.se\">Erika Keller<\/a> (Avdelningsansvarig ledare)<\/li>\n\n\n\n<li><a href=\"mailto:henordh@gmail.com\">Henrik Nordh<\/a> (Avdelningsansvarig ledare)<\/li>\n\n\n\n<li>Lim (Johan Bengtsson)<\/li>\n\n\n\n<li>David Westberg<\/li>\n\n\n\n<li>Evgheni Ermolaev<\/li>\n\n\n\n<li>John Khashouf<\/li>\n\n\n\n<li>Anna Tornberg<\/li>\n<\/ul>\n\n\n\n<p class=\"wp-block-paragraph\"><strong>HT 2025<\/strong><\/p>\n\n\n\n<figure class=\"wp-block-table is-style-stripes\"><table class=\"has-border-color has-ast-global-color-8-border-color\" style=\"border-style:solid;border-width:1px\"><tbody><tr><th>Datum<\/th><th>Aktivitet<\/th><th>Plats<\/th><\/tr><tr><td>25\/8<\/td><td><a href=\"#terminsstart\">Terminsstart<\/a><\/td><td>Ute vid Scoutg\u00e5rden<\/td><\/tr><tr><td>1\/9<\/td><td><a href=\"#kajakintro\">Kajakintroduktion<\/a><\/td><td>Ekolnsn\u00e4s<\/td><\/tr><tr><td>8\/9<\/td><td><a href=\"#kajakbevis\">Kamratr\u00e4ddning och kajakbevis<\/a><\/td><td>Ekolnsn\u00e4s<\/td><\/tr><tr><td>12\/9-13\/9<\/td><td><a href=\"#invigningshajk\">Invigningshajk<\/a><\/td><td>Dragontorpet<\/td><\/tr><tr><td>15\/9<\/td><td><a href=\"#patrullindelning\">Patrullindelning<\/a><\/td><td>Ute vid Scoutg\u00e5rden<\/td><\/tr><tr><td>21\/9<\/td><td><a href=\"#scout100\">100% scout<\/a><\/td><td>Lionstorget i \u00d6rsundsbro<\/td><\/tr><tr><td>22\/9<\/td><td>Avdelningsm\u00f6te<\/td><td>Scoutg\u00e5rden<\/td><\/tr><tr><td>26\/9<\/td><td><a href=\"#hosthornet\">H\u00f6sthornet<\/a><\/td><td>Lindbacken<\/td><\/tr><tr><td>29\/9<\/td><td>Avdelningsm\u00f6te<\/td><td>Scoutg\u00e5rden<\/td><\/tr><tr><td>3\/10-4\/10<\/td><td><a href=\"#mickelsmass\">Mickelsm\u00e4sshajk<\/a><\/td><td>\u00d6rsundsbro<\/td><\/tr><tr><td>6\/10<\/td><td>Avdelningsm\u00f6te<\/td><td>Ute vid scoutg\u00e5rden<\/td><\/tr><tr><td>11\/10<\/td><td><a href=\"#stamma\">K\u00e5rst\u00e4mma<\/a><\/td><td>Scoutg\u00e5rden<\/td><\/tr><tr><td>13\/10<\/td><td>Avdelningsm\u00f6te<\/td><td>Scoutg\u00e5rden<\/td><\/tr><tr><td>20\/10<\/td><td>Avdelningsm\u00f6te<\/td><td>Scoutg\u00e5rden<\/td><\/tr><tr><td>27\/10<\/td><td><strong>INGET M\u00d6TE<\/strong> (H\u00f6stlov)<\/td><td><\/td><\/tr><tr><td>3\/11<\/td><td>Avdelningsm\u00f6te<\/td><td>Scoutg\u00e5rden<\/td><\/tr><tr><td>10\/11<\/td><td>Avdelningsm\u00f6te<\/td><td>Scoutg\u00e5rden<\/td><\/tr><tr><td>17\/11<\/td><td><a href=\"#eldstafett\">Lims eldstafett<\/a><\/td><td>Ute vid scoutg\u00e5rden<\/td><\/tr><tr><td>24\/11<\/td><td>Avdelningsm\u00f6te<\/td><td>Scoutg\u00e5rden<\/td><\/tr><tr><td>27-28\/11<\/td><td><a href=\"#spelhajk\">Spel- och pysselhajk<\/a><\/td><td>Scoutg\u00e5rden<\/td><\/tr><tr><td>1\/12<\/td><td><a href=\"#tartmote\">T\u00e5rtt\u00e4vling<\/a><\/td><td>Scoutg\u00e5rden<\/td><\/tr><tr><td>6\/12<\/td><td><a href=\"#karavslutning\">K\u00e5rens julavslutning<\/a><\/td><td>Scoutg\u00e5rden<\/td><\/tr><tr><td>8\/12<\/td><td>Avdelningsm\u00f6te<\/td><td>Ute vid scoutg\u00e5rden<\/td><\/tr><tr><td>15\/12<\/td><td>Avslutningsm\u00f6te<\/td><td>Ute vid scoutg\u00e5rden<\/td><\/tr><\/tbody><\/table><\/figure>\n\n\n\n<h3 class=\"wp-block-heading\">H\u00f6stens m\u00f6ten<\/h3>\n\n\n\n<div class=\"wp-block-media-text is-stacked-on-mobile is-vertically-aligned-top\" style=\"grid-template-columns:15% auto\"><figure class=\"wp-block-media-text__media\"><img loading=\"lazy\" decoding=\"async\" width=\"237\" height=\"210\" src=\"https:\/\/karlsro.nu\/wp-content\/uploads\/2026\/08\/glantan.png\" alt=\"\" class=\"wp-image-5440 size-full\"\/><\/figure><div class=\"wp-block-media-text__content\">\n<h3 id=\"terminsstart\" class=\"wp-block-heading\">Terminsstart<\/h3>\n\n\n\n<p class=\"wp-block-paragraph\"><strong>FIXT DATUM:<\/strong> 25 augusti<br>V\u00e4lkommen till en ny termin p\u00e5 Polfararna. Vi startar h\u00f6stterminen som vanligt med att alla nya polfarare g\u00f6r polfarargubbar medan andra\u00e5rs\u00e4ventyrarna f\u00f6rbereder lekar och tredje\u00e5rs\u00e4ventyrarna b\u00f6rjar f\u00f6rbereda h\u00f6stens invigningshajk.<\/p>\n<\/div><\/div>\n\n\n\n<div style=\"height:10px\" aria-hidden=\"true\" class=\"wp-block-spacer\"><\/div>\n\n\n\n<div class=\"wp-block-media-text is-stacked-on-mobile is-vertically-aligned-top\" style=\"grid-template-columns:15% auto\"><figure class=\"wp-block-media-text__media\"><img loading=\"lazy\" decoding=\"async\" width=\"237\" height=\"209\" src=\"https:\/\/karlsro.nu\/wp-content\/uploads\/2026\/08\/sjon.png\" alt=\"\" class=\"wp-image-5412 size-full\"\/><\/figure><div class=\"wp-block-media-text__content\">\n<h4 id=\"kajakintro\" class=\"wp-block-heading\" style=\"margin-top:0;margin-right:0;margin-bottom:0;margin-left:0;padding-top:0;padding-bottom:0\">Kajakintroduktion<\/h4>\n\n\n\n<p class=\"wp-block-paragraph\"><strong>FIXT DATUM:<\/strong> 1 september<br>P\u00e5 \u00e4ventyrarna s\u00e5 paddlar vi kajak och eftersom det antagligen \u00e4r f\u00f6rsta g\u00e5ngen i kajak f\u00f6r m\u00e5nga av er s\u00e5 paddlar vi runt i viken utanf\u00f6r Ekolnsn\u00e4s och k\u00e4nner p\u00e5 hur kajkerna fungerar i vattnet.<\/p>\n\n\n\n<p class=\"wp-block-paragraph\">Vi kommer inte att v\u00e4lta med flit under detta m\u00f6te men det \u00e4r bra att ha med ett ombyte och en handduk utifall olyckan \u00e4r framme. Bra kl\u00e4der att paddla i \u00e4r badkl\u00e4der och funktions t-shirt (eventuellt kompletterat med ett underst\u00e4ll). Det finns begr\u00e4nsat med st\u00e4llen att byta om vid Ekolnsn\u00e4s s\u00e5 byt helst om innan ni kommer (tips: Ha paddlingskl\u00e4derna under de vanliga n\u00e4r ni \u00e5ker till m\u00f6tet. D\u00e5 r\u00e4cker det dessutom med underkl\u00e4der och t-shirt som ombyte).<\/p>\n<\/div><\/div>\n\n\n\n<div style=\"height:10px\" aria-hidden=\"true\" class=\"wp-block-spacer\"><\/div>\n\n\n\n<div class=\"wp-block-media-text is-stacked-on-mobile is-vertically-aligned-top\" style=\"grid-template-columns:15% auto\"><figure class=\"wp-block-media-text__media\"><img loading=\"lazy\" decoding=\"async\" width=\"238\" height=\"210\" src=\"https:\/\/karlsro.nu\/wp-content\/uploads\/2026\/08\/flotten.png\" alt=\"\" class=\"wp-image-5443 size-full\"\/><\/figure><div class=\"wp-block-media-text__content\">\n<h4 id=\"kajakbevis\" class=\"wp-block-heading\">Kamratr\u00e4ddning och kajakbevis<\/h4>\n\n\n\n<p class=\"wp-block-paragraph\"><strong>FIXT DATUM:<\/strong> 8 september<br>P\u00e5 det h\u00e4r m\u00f6tet kommer vi att l\u00e4ra oss hantera att kajaken v\u00e4lter. Alla f\u00e5r m\u00f6jlighet att tr\u00e4na kamratr\u00e4ddning, f\u00f6r att r\u00e4dda en kompis som har v\u00e4lt, och den som vill f\u00e5r prova att v\u00e4lta med kajaken.  B\u00e5de kamratr\u00e4ddning och att v\u00e4lta kontrollerat \u00e4r en del av Karlsros kajakbevis, som kr\u00e4vs f\u00f6r att du ska f\u00e5 anv\u00e4nda kapell n\u00e4r vi paddlar.<\/p>\n\n\n\n<p class=\"wp-block-paragraph\">Vi kommer att v\u00e4lta med flit under detta m\u00f6te s\u00e5 var kl\u00e4dd f\u00f6r det och tag med ett ombyte och en handuk. Bra kl\u00e4der att paddla (och v\u00e4lta) i \u00e4r badkl\u00e4der och funktions t-shirt (eventuellt kompletterat med ett underst\u00e4ll). Det finns begr\u00e4nsat med st\u00e4llen att byta om vid Ekolnsn\u00e4s s\u00e5 kom helst ombytt (tips: Ha paddlingskl\u00e4derna under de vanliga n\u00e4r ni \u00e5ker till m\u00f6tet. D\u00e5 r\u00e4cker det dessutom med underkl\u00e4der och t-shirt som ombyte). F\u00f6r ombyte efter att vi v\u00e4lt s\u00e5 f\u00e5r vi turas om att anv\u00e4nda de st\u00e4llen som finns.<\/p>\n<\/div><\/div>\n\n\n\n<div style=\"height:10px\" aria-hidden=\"true\" class=\"wp-block-spacer\"><\/div>\n\n\n\n<div class=\"wp-block-media-text is-stacked-on-mobile is-vertically-aligned-top\" style=\"grid-template-columns:15% auto\"><figure class=\"wp-block-media-text__media\"><img loading=\"lazy\" decoding=\"async\" width=\"237\" height=\"210\" src=\"https:\/\/karlsro.nu\/wp-content\/uploads\/2026\/08\/vindskyddet.png\" alt=\"\" class=\"wp-image-5398 size-full\"\/><\/figure><div class=\"wp-block-media-text__content\">\n<h4 id=\"invigningshajk\" class=\"wp-block-heading\">Invigningshajk<\/h4>\n\n\n\n<p class=\"wp-block-paragraph\"><strong>FIXT DATUM:<\/strong> 12 &#8211; 13 september<br>Vi startar vid Dragontorpet p\u00e5 l\u00f6rdagen klockan 10 d\u00e4r vi bygger vindskydd och lagar middag p\u00e5 stormk\u00f6k, som andra\u00e5rs\u00e4ventyrare kan man f\u00e5 sova i h\u00e4ngmatta om man vill. P\u00e5 kv\u00e4llen \u00e4r det l\u00e4gerb\u00e5l tillsammans med alla k\u00e5rens \u00e4ventyrarscouter och invigning av alla nya \u00e4ventyrare och ledare. P\u00e5 s\u00f6ndagen packar vi ihop l\u00e4gret och jobbar med ved, kniv, yxa och s\u00e5g. Hajken avslutas klockan 12 vid torpet.<\/p>\n\n\n\n<p class=\"wp-block-paragraph\">F\u00f6r alla tredj\u00e5rs\u00e4ventyrare startar hajken redan p\u00e5 fredag 11 september. <\/p>\n<\/div><\/div>\n\n\n\n<div style=\"height:10px\" aria-hidden=\"true\" class=\"wp-block-spacer\"><\/div>\n\n\n\n<div class=\"wp-block-media-text is-stacked-on-mobile is-vertically-aligned-top\" style=\"grid-template-columns:15% auto\"><figure class=\"wp-block-media-text__media\"><img loading=\"lazy\" decoding=\"async\" width=\"237\" height=\"210\" src=\"https:\/\/karlsro.nu\/wp-content\/uploads\/2026\/08\/byn.png\" alt=\"\" class=\"wp-image-5448 size-full\"\/><\/figure><div class=\"wp-block-media-text__content\">\n<h4 id=\"parullindelning\" class=\"wp-block-heading\">Patrullindelning<\/h4>\n\n\n\n<p class=\"wp-block-paragraph\"><strong>FIXT DATUM:<\/strong> 15 september<\/p>\n<\/div><\/div>\n\n\n\n<div style=\"height:10px\" aria-hidden=\"true\" class=\"wp-block-spacer\"><\/div>\n\n\n\n<div class=\"wp-block-media-text is-stacked-on-mobile is-vertically-aligned-top\" style=\"grid-template-columns:15% auto\"><figure class=\"wp-block-media-text__media\"><img loading=\"lazy\" decoding=\"async\" width=\"237\" height=\"210\" src=\"https:\/\/karlsro.nu\/wp-content\/uploads\/2026\/08\/demonstrationen.png\" alt=\"\" class=\"wp-image-5447 size-full\"\/><\/figure><div class=\"wp-block-media-text__content\">\n<h4 id=\"scout100\" class=\"wp-block-heading\">100% scout<\/h4>\n\n\n\n<p class=\"wp-block-paragraph\"><strong>FIXT DATUM:<\/strong> 21 september<br>P\u00e5 den internationella fredsdagen har Scouterna en kampanj som kallas f\u00f6r 100% scout. Kampanjen g\u00e5r ut p\u00e5 att visa att man \u00e4r scout i skolan, p\u00e5 jobbet eller p\u00e5 andra platser genom att ha p\u00e5 sig sina scoutkl\u00e4der hela dagen.<\/p>\n\n\n\n<p class=\"wp-block-paragraph\">Polfararna blivit inbjudna till att fira fredsdagen p\u00e5 Lionstorget i \u00d6rsundsbro tillsammans med \u00c5loppe scoutk\u00e5r och delar av Enk\u00f6pings scoutk\u00e5r.<\/p>\n<\/div><\/div>\n\n\n\n<div style=\"height:10px\" aria-hidden=\"true\" class=\"wp-block-spacer\"><\/div>\n\n\n\n<div class=\"wp-block-media-text is-stacked-on-mobile is-vertically-aligned-top\" style=\"grid-template-columns:15% auto\"><figure class=\"wp-block-media-text__media\"><img loading=\"lazy\" decoding=\"async\" width=\"237\" height=\"210\" src=\"https:\/\/karlsro.nu\/wp-content\/uploads\/2026\/08\/hinderbanan.png\" alt=\"\" class=\"wp-image-5436 size-full\"\/><\/figure><div class=\"wp-block-media-text__content\">\n<h4 id=\"hosthornet\" class=\"wp-block-heading\">H\u00f6sthornet<\/h4>\n\n\n\n<p class=\"wp-block-paragraph\"><strong>FIXT DATUM:<\/strong> 26 september<br>H\u00f6sthornet \u00e4r distriktets patrullt\u00e4vling f\u00f6r \u00e4ventyrarscouter. I \u00e5r arrangeras t\u00e4vlingen av Almtuna scoutk\u00e5r.<\/p>\n<\/div><\/div>\n\n\n\n<div style=\"height:10px\" aria-hidden=\"true\" class=\"wp-block-spacer\"><\/div>\n\n\n\n<div class=\"wp-block-media-text is-stacked-on-mobile is-vertically-aligned-top\" style=\"grid-template-columns:15% auto\"><figure class=\"wp-block-media-text__media\"><img loading=\"lazy\" decoding=\"async\" width=\"237\" height=\"210\" src=\"https:\/\/karlsro.nu\/wp-content\/uploads\/2026\/08\/taltet.png\" alt=\"\" class=\"wp-image-5400 size-full\"\/><\/figure><div class=\"wp-block-media-text__content\">\n<h4 id=\"mickelsmass\" class=\"wp-block-heading\">Mickelsm\u00e4sshajk<\/h4>\n\n\n\n<p class=\"wp-block-paragraph\"><strong>FIXT DATUM:<\/strong> 3 &#8211; 4 oktober<\/p>\n<\/div><\/div>\n\n\n\n<div style=\"height:10px\" aria-hidden=\"true\" class=\"wp-block-spacer\"><\/div>\n\n\n\n<div class=\"wp-block-media-text is-stacked-on-mobile is-vertically-aligned-top\" style=\"grid-template-columns:15% auto\"><figure class=\"wp-block-media-text__media\"><img loading=\"lazy\" decoding=\"async\" width=\"237\" height=\"209\" src=\"https:\/\/karlsro.nu\/wp-content\/uploads\/2026\/08\/radhuset.png\" alt=\"\" class=\"wp-image-5416 size-full\"\/><\/figure><div class=\"wp-block-media-text__content\">\n<h4 id=\"stamma\" class=\"wp-block-heading\">K\u00e5rst\u00e4mma<\/h4>\n\n\n\n<p class=\"wp-block-paragraph\"><strong>FIXT DATUM:<\/strong> 11 oktober<br>K\u00e5rst\u00e4mman \u00e4r k\u00e5rens \u00e5rsm\u00f6te. P\u00e5 det m\u00f6tet utser k\u00e5rens medlemmar vilka som ska sitta i k\u00e5rens styrelse och i grova drag vad k\u00e5ren ska ha f\u00f6r verksamhet under \u00e5ret. Dessutom tar st\u00e4mman beslut om f\u00f6rslag fr\u00e5n k\u00e5rens medlemmar, s\u00e5 kallade motioner. <\/p>\n\n\n\n<p class=\"wp-block-paragraph\">P\u00e5 k\u00e5rst\u00e4mman har ALLA k\u00e5rens medlemmar r\u00f6str\u00e4tt (scouter, ledare och funktion\u00e4rer), ung som gammal. Ombud \u00e4r inte till\u00e5tna s\u00e5 dina v\u00e5rdnadshavare kan inte g\u00e5 p\u00e5 st\u00e4mman och r\u00f6sta f\u00f6r din r\u00e4kning, du m\u00e5ste komma sj\u00e4lv.<\/p>\n<\/div><\/div>\n\n\n\n<div style=\"height:10px\" aria-hidden=\"true\" class=\"wp-block-spacer\"><\/div>\n\n\n\n<div class=\"wp-block-media-text is-stacked-on-mobile is-vertically-aligned-top\" style=\"grid-template-columns:15% auto\"><figure class=\"wp-block-media-text__media\"><img loading=\"lazy\" decoding=\"async\" width=\"237\" height=\"209\" src=\"https:\/\/karlsro.nu\/wp-content\/uploads\/2026\/08\/stadion.png\" alt=\"\" class=\"wp-image-5406 size-full\"\/><\/figure><div class=\"wp-block-media-text__content\">\n<h4 id=\"eldstafett\" class=\"wp-block-heading\">Lims eldstafett<\/h4>\n\n\n\n<p class=\"wp-block-paragraph\"><strong>FIXT DATUM:<\/strong> 17 november<br>Partullt\u00e4vling med eldtema. Aktiviteten ger po\u00e4ng i yxant\u00e4vlingen.<\/p>\n<\/div><\/div>\n\n\n\n<div style=\"height:10px\" aria-hidden=\"true\" class=\"wp-block-spacer\"><\/div>\n\n\n\n<div class=\"wp-block-media-text is-stacked-on-mobile is-vertically-aligned-top\" style=\"grid-template-columns:15% auto\"><figure class=\"wp-block-media-text__media\"><img loading=\"lazy\" decoding=\"async\" width=\"237\" height=\"210\" src=\"https:\/\/karlsro.nu\/wp-content\/uploads\/2026\/08\/labyrinten.png\" alt=\"\" class=\"wp-image-5430 size-full\"\/><\/figure><div class=\"wp-block-media-text__content\">\n<h4 id=\"spelhajk\" class=\"wp-block-heading\">Spel- och pysselhajk<\/h4>\n\n\n\n<p class=\"wp-block-paragraph\"><strong>FIXT DATUM:<\/strong> 27 &#8211; 28 november<\/p>\n<\/div><\/div>\n\n\n\n<div style=\"height:10px\" aria-hidden=\"true\" class=\"wp-block-spacer\"><\/div>\n\n\n\n<div class=\"wp-block-media-text is-stacked-on-mobile is-vertically-aligned-top\" style=\"grid-template-columns:15% auto\"><figure class=\"wp-block-media-text__media\"><img loading=\"lazy\" decoding=\"async\" width=\"237\" height=\"210\" src=\"https:\/\/karlsro.nu\/wp-content\/uploads\/2026\/08\/bakverken.png\" alt=\"\" class=\"wp-image-5451 size-full\"\/><\/figure><div class=\"wp-block-media-text__content\">\n<h4 id=\"tartmote\" class=\"wp-block-heading\">T\u00e5rtt\u00e4vling<\/h4>\n\n\n\n<p class=\"wp-block-paragraph\"><strong>FIXT DATUM:<\/strong> 1 november<br>Patrullerna bakar var sin t\u00e5rta p\u00e5 temat &#8221;bygget&#8221; och t\u00e5rtorna och tillverkningsprocessen bed\u00f6ms av ledarna enligt kriterierna smak, utseende, koppling till temat, samarbete i patrullen och disk. Aktiviteten ger po\u00e4ng i yxant\u00e4vlingen.<\/p>\n<\/div><\/div>\n\n\n\n<div style=\"height:10px\" aria-hidden=\"true\" class=\"wp-block-spacer\"><\/div>\n\n\n\n<div class=\"wp-block-media-text is-stacked-on-mobile is-vertically-aligned-top\" style=\"grid-template-columns:15% auto\"><figure class=\"wp-block-media-text__media\"><img loading=\"lazy\" decoding=\"async\" width=\"237\" height=\"209\" src=\"https:\/\/karlsro.nu\/wp-content\/uploads\/2026\/08\/stugan.png\" alt=\"\" class=\"wp-image-5402 size-full\"\/><\/figure><div class=\"wp-block-media-text__content\">\n<h4 id=\"karavslutning\" class=\"wp-block-heading\">K\u00e5rens julavslutning<\/h4>\n\n\n\n<p class=\"wp-block-paragraph\"><strong>FIXT DATUM:<\/strong> 5 december<\/p>\n<\/div><\/div>\n\n\n\n<div style=\"height:10px\" aria-hidden=\"true\" class=\"wp-block-spacer\"><\/div>\n\n\n\n<div class=\"wp-block-media-text is-stacked-on-mobile\" style=\"grid-template-columns:15% auto\"><figure class=\"wp-block-media-text__media\"><img loading=\"lazy\" decoding=\"async\" width=\"238\" height=\"209\" src=\"https:\/\/karlsro.nu\/wp-content\/uploads\/2026\/08\/patrullen.png\" alt=\"\" class=\"wp-image-5419 size-full\"\/><\/figure><div class=\"wp-block-media-text__content\">\n<h4 class=\"wp-block-heading\">Vi \u00e4r starka tillsammans<\/h4>\n\n\n\n<p class=\"wp-block-paragraph\"><strong>UTEM\u00d6TE<\/strong><br>P\u00e5 det h\u00e4r m\u00f6tet jobbar vi patrullvis. F\u00f6rst pratar vi om v\u00e5ra styrkor och svagheter i patrullen. Sedan har vi ett rollspel d\u00e4r alla patrullmedlemmar turas om att leda patrullen samtidigt som de \u00f6vriga spelar en roll.<\/p>\n<\/div><\/div>\n\n\n\n<div style=\"height:10px\" aria-hidden=\"true\" class=\"wp-block-spacer\"><\/div>\n\n\n\n<div class=\"wp-block-media-text is-stacked-on-mobile\" style=\"grid-template-columns:15% auto\"><figure class=\"wp-block-media-text__media\"><img loading=\"lazy\" decoding=\"async\" width=\"237\" height=\"210\" src=\"https:\/\/karlsro.nu\/wp-content\/uploads\/2026\/08\/slottet.png\" alt=\"\" class=\"wp-image-5410 size-full\"\/><\/figure><div class=\"wp-block-media-text__content\">\n<h4 class=\"wp-block-heading\">Avtryck f\u00f6r efterv\u00e4rlden<\/h4>\n\n\n\n<p class=\"wp-block-paragraph\"><strong>INNE- ELLER UTEM\u00d6TE<\/strong><br>P\u00e5 det h\u00e4r m\u00f6tet utforskar vi konst och skapande som ett s\u00e4tt att uttrycka tankar, k\u00e4nslor och det som \u00e4r viktigt f\u00f6r oss. Genom att reflektera \u00f6ver bilder av konstverk fr\u00e5n olika kulturer och tider funderar vi \u00f6ver vilka budskap konst kan f\u00f6rmedla. D\u00e4refter skapar alla patruller ett eget konstverk med ett budskap som de vill dela med v\u00e4rlden. M\u00f6tet avslutas med en vernissage d\u00e4r alla f\u00e5r ta del av varandras skapelser och tankar.<\/p>\n<\/div><\/div>\n\n\n\n<div style=\"height:10px\" aria-hidden=\"true\" class=\"wp-block-spacer\"><\/div>\n\n\n\n<div class=\"wp-block-media-text is-stacked-on-mobile\" style=\"grid-template-columns:15% auto\"><figure class=\"wp-block-media-text__media\"><img loading=\"lazy\" decoding=\"async\" width=\"237\" height=\"209\" src=\"https:\/\/karlsro.nu\/wp-content\/uploads\/2026\/08\/restaurangen.png\" alt=\"\" class=\"wp-image-5417 size-full\"\/><\/figure><div class=\"wp-block-media-text__content\">\n<h4 class=\"wp-block-heading\">Gruppdynamik och Tyst fruktsallad<\/h4>\n\n\n\n<p class=\"wp-block-paragraph\"><strong>INNEM\u00d6TE<\/strong><br><\/p>\n<\/div><\/div>\n\n\n\n<h3 id=\"hantverk\" class=\"wp-block-heading\">Aktuell st\u00e4llning i Yxan-t\u00e4vlingen<\/h3>\n\n\n\n<figure class=\"wp-block-table alignwide is-style-stripes\"><table><tbody><tr><td><\/td><td class=\"has-text-align-right\" data-align=\"right\">Moxen<\/td><td class=\"has-text-align-right\" data-align=\"right\">Narvalen<\/td><td class=\"has-text-align-right\" data-align=\"right\">Albatrossen<\/td><td class=\"has-text-align-right\" data-align=\"right\">Valrossen<\/td><\/tr><tr><td>N\u00e4rvaro HT<\/td><td class=\"has-text-align-right\" data-align=\"right\">&#8211;<\/td><td class=\"has-text-align-right\" data-align=\"right\">&#8211;<\/td><td class=\"has-text-align-right\" data-align=\"right\">&#8211;<\/td><td class=\"has-text-align-right\" data-align=\"right\">&#8211;<\/td><\/tr><tr><td>Scoutkl\u00e4dsel HT<\/td><td class=\"has-text-align-right\" data-align=\"right\">&#8211;<\/td><td class=\"has-text-align-right\" data-align=\"right\">&#8211;<\/td><td class=\"has-text-align-right\" data-align=\"right\">&#8211;<\/td><td class=\"has-text-align-right\" data-align=\"right\">&#8211;<\/td><\/tr><tr><td>N\u00e4rvaro VT<\/td><td class=\"has-text-align-right\" data-align=\"right\">&#8211;<\/td><td class=\"has-text-align-right\" data-align=\"right\">&#8211;<\/td><td class=\"has-text-align-right\" data-align=\"right\">&#8211;<\/td><td class=\"has-text-align-right\" data-align=\"right\">&#8211;<\/td><\/tr><tr><td>Scoutkl\u00e4dsel VT<\/td><td class=\"has-text-align-right\" data-align=\"right\">&#8211;<\/td><td class=\"has-text-align-right\" data-align=\"right\">&#8211;<\/td><td class=\"has-text-align-right\" data-align=\"right\">&#8211;<\/td><td class=\"has-text-align-right\" data-align=\"right\">&#8211;<\/td><\/tr><tr><td><strong>TOTALT<\/strong><\/td><td class=\"has-text-align-right\" data-align=\"right\">0<\/td><td class=\"has-text-align-right\" data-align=\"right\">0<\/td><td class=\"has-text-align-right\" data-align=\"right\">0<\/td><td class=\"has-text-align-right\" data-align=\"right\">0<\/td><\/tr><\/tbody><\/table><\/figure>\n\n\n\n<p class=\"wp-block-paragraph\"><\/p>\n","protected":false},"excerpt":{"rendered":"<p>Vi tr\u00e4ffas kl. 18.30-20.30 om inget annat anges i programmet. Ledare: HT 2025 Datum Aktivitet Plats 25\/8 Terminsstart Ute vid Scoutg\u00e5rden 1\/9 Kajakintroduktion Ekolnsn\u00e4s 8\/9 Kamratr\u00e4ddning och kajakbevis Ekolnsn\u00e4s 12\/9-13\/9 Invigningshajk Dragontorpet 15\/9 Patrullindelning Ute vid Scoutg\u00e5rden 21\/9 100% scout Lionstorget i \u00d6rsundsbro 22\/9 Avdelningsm\u00f6te Scoutg\u00e5rden 26\/9 H\u00f6sthornet Lindbacken 29\/9 Avdelningsm\u00f6te Scoutg\u00e5rden 3\/10-4\/10 Mickelsm\u00e4sshajk \u00d6rsundsbro [&hellip;]<\/p>\n","protected":false},"author":1,"featured_media":0,"parent":95,"menu_order":2,"comment_status":"closed","ping_status":"closed","template":"","meta":{"site-sidebar-layout":"default","site-content-layout":"default","ast-site-content-layout":"default","site-content-style":"default","site-sidebar-style":"default","ast-global-header-display":"","ast-banner-title-visibility":"","ast-main-header-display":"","ast-hfb-above-header-display":"","ast-hfb-below-header-display":"","ast-hfb-mobile-header-display":"","site-post-title":"","ast-breadcrumbs-content":"","ast-featured-img":"","footer-sml-layout":"","ast-disable-related-posts":"","theme-transparent-header-meta":"default","adv-header-id-meta":"","stick-header-meta":"","header-above-stick-meta":"","header-main-stick-meta":"","header-below-stick-meta":"","astra-migrate-meta-layouts":"set","ast-page-background-enabled":"default","ast-page-background-meta":{"desktop":{"background-color":"","background-image":"","background-repeat":"repeat","background-position":"center center","background-size":"auto","background-attachment":"scroll","background-type":"","background-media":"","overlay-type":"","overlay-color":"","overlay-opacity":"","overlay-gradient":""},"tablet":{"background-color":"","background-image":"","background-repeat":"repeat","background-position":"center center","background-size":"auto","background-attachment":"scroll","background-type":"","background-media":"","overlay-type":"","overlay-color":"","overlay-opacity":"","overlay-gradient":""},"mobile":{"background-color":"","background-image":"","background-repeat":"repeat","background-position":"center center","background-size":"auto","background-attachment":"scroll","background-type":"","background-media":"","overlay-type":"","overlay-color":"","overlay-opacity":"","overlay-gradient":""}},"ast-content-background-meta":{"desktop":{"background-color":"var(--ast-global-color-5)","background-image":"","background-repeat":"repeat","background-position":"center center","background-size":"auto","background-attachment":"scroll","background-type":"","background-media":"","overlay-type":"","overlay-color":"","overlay-opacity":"","overlay-gradient":""},"tablet":{"background-color":"var(--ast-global-color-5)","background-image":"","background-repeat":"repeat","background-position":"center center","background-size":"auto","background-attachment":"scroll","background-type":"","background-media":"","overlay-type":"","overlay-color":"","overlay-opacity":"","overlay-gradient":""},"mobile":{"background-color":"var(--ast-global-color-5)","background-image":"","background-repeat":"repeat","background-position":"center center","background-size":"auto","background-attachment":"scroll","background-type":"","background-media":"","overlay-type":"","overlay-color":"","overlay-opacity":"","overlay-gradient":""}},"footnotes":""},"class_list":["post-397","page","type-page","status-publish","hentry"],"_links":{"self":[{"href":"https:\/\/karlsro.nu\/index.php?rest_route=\/wp\/v2\/pages\/397","targetHints":{"allow":["GET"]}}],"collection":[{"href":"https:\/\/karlsro.nu\/index.php?rest_route=\/wp\/v2\/pages"}],"about":[{"href":"https:\/\/karlsro.nu\/index.php?rest_route=\/wp\/v2\/types\/page"}],"author":[{"embeddable":true,"href":"https:\/\/karlsro.nu\/index.php?rest_route=\/wp\/v2\/users\/1"}],"replies":[{"embeddable":true,"href":"https:\/\/karlsro.nu\/index.php?rest_route=%2Fwp%2Fv2%2Fcomments&post=397"}],"version-history":[{"count":254,"href":"https:\/\/karlsro.nu\/index.php?rest_route=\/wp\/v2\/pages\/397\/revisions"}],"predecessor-version":[{"id":5496,"href":"https:\/\/karlsro.nu\/index.php?rest_route=\/wp\/v2\/pages\/397\/revisions\/5496"}],"up":[{"embeddable":true,"href":"https:\/\/karlsro.nu\/index.php?rest_route=\/wp\/v2\/pages\/95"}],"wp:attachment":[{"href":"https:\/\/karlsro.nu\/index.php?rest_route=%2Fwp%2Fv2%2Fmedia&parent=397"}],"curies":[{"name":"wp","href":"https:\/\/api.w.org\/{rel}","templated":true}]}}